{"id":3851,"date":"2013-01-14T12:57:50","date_gmt":"2013-01-14T12:57:50","guid":{"rendered":"https:\/\/gudayterreros.com\/project\/plan-urbanistico-en-torre-vileta-cervello-barcelona\/"},"modified":"2021-12-21T08:39:46","modified_gmt":"2021-12-21T08:39:46","slug":"plan-urbanistico-en-torre-vileta-cervello-barcelona","status":"publish","type":"project","link":"https:\/\/gudayterreros.com\/es\/project\/plan-urbanistico-en-torre-vileta-cervello-barcelona\/","title":{"rendered":"Plan Urban\u00edstico en Torre Vileta (Cervell\u00f3, Barcelona)"},"content":{"rendered":"<p>PROYECTO<br \/>\nPlan Parcial del \u00c1rea de Torre Vileta<br \/>\nUBICACI\u00d3N<br \/>\nTorre Vileta, Cervell\u00f3<br \/>\nPROMOTORES<br \/>\nAyuntamiento de Cervell\u00f3<br \/>\nAUTORES<br \/>\nMANCOMUNIDAD DE MUNICIPIOS AREA METROPOLITANA BCN<br \/>\nAntoni Terrisse<br \/>\nOlga Guday Padrosa<br \/>\nA\u00d1O PROYECTO<br \/>\n2001<br \/>\nA\u00d1O CONSTRUCCI\u00d3N<br \/>\n2004<br \/>\nSUPERFICIE SUELO<br \/>\n112.157 m\u00b2<br \/>\nSUPERFICIE EDIFICABLE<br \/>\n22.431m\u00b2<\/p>\n","protected":false},"excerpt":{"rendered":"<p>PROYECTO Plan Parcial del \u00c1rea de Torre Vileta UBICACI\u00d3N Torre Vileta, Cervell\u00f3 PROMOTORES Ayuntamiento de Cervell\u00f3 AUTORES MANCOMUNIDAD DE MUNICIPIOS AREA METROPOLITANA BCN Antoni Terrisse Olga Guday Padrosa A\u00d1O PROYECTO 2001 A\u00d1O CONSTRUCCI\u00d3N 2004 SUPERFICIE SUELO 112.157 m\u00b2 SUPERFICIE EDIFICABLE 22.431m\u00b2<\/p>\n","protected":false},"author":1,"featured_media":3428,"comment_status":"closed","ping_status":"closed","template":"","meta":{"_et_pb_use_builder":"","_et_pb_old_content":"","_et_gb_content_width":""},"project_category":[94],"project_tag":[],"acf":[],"yoast_head":"<!-- This site is optimized with the Yoast SEO plugin v19.10 - https:\/\/yoast.com\/wordpress\/plugins\/seo\/ -->\n<title>Plan urban\u00edstico en Torre Vileta | Guday Terreros Arquitectura<\/title>\n<meta name=\"description\" content=\"El equipo de arquitectos de Guday Terreros aplic\u00f3 sus amplios conocimientos y experiencia en urbanismo para desarrollar el plan urban\u00edstico en Cervell\u00f3.\" \/>\n<meta name=\"robots\" content=\"index, follow, max-snippet:-1, max-image-preview:large, max-video-preview:-1\" \/>\n<link rel=\"canonical\" href=\"https:\/\/gudayterreros.com\/es\/project\/plan-urbanistico-en-torre-vileta-cervello-barcelona\/\" \/>\n<meta property=\"og:locale\" content=\"es_ES\" \/>\n<meta property=\"og:type\" content=\"article\" \/>\n<meta property=\"og:title\" content=\"Plan urban\u00edstico en Torre Vileta | Guday Terreros Arquitectura\" \/>\n<meta property=\"og:description\" content=\"El equipo de arquitectos de Guday Terreros aplic\u00f3 sus amplios conocimientos y experiencia en urbanismo para desarrollar el plan urban\u00edstico en Cervell\u00f3.\" \/>\n<meta property=\"og:url\" content=\"https:\/\/gudayterreros.com\/es\/project\/plan-urbanistico-en-torre-vileta-cervello-barcelona\/\" \/>\n<meta property=\"og:site_name\" content=\"Guday Terreros\" \/>\n<meta property=\"article:modified_time\" content=\"2021-12-21T08:39:46+00:00\" \/>\n<meta property=\"og:image\" content=\"https:\/\/gudayterreros.com\/wp-content\/uploads\/2021\/12\/guday-terreros-torre-vileta-1-470x470-1.jpg\" \/>\n\t<meta property=\"og:image:width\" content=\"470\" \/>\n\t<meta property=\"og:image:height\" content=\"470\" \/>\n\t<meta property=\"og:image:type\" content=\"image\/jpeg\" \/>\n<meta name=\"twitter:card\" content=\"summary_large_image\" \/>\n<script type=\"application\/ld+json\" class=\"yoast-schema-graph\">{\"@context\":\"https:\/\/schema.org\",\"@graph\":[{\"@type\":\"WebPage\",\"@id\":\"https:\/\/gudayterreros.com\/es\/project\/plan-urbanistico-en-torre-vileta-cervello-barcelona\/\",\"url\":\"https:\/\/gudayterreros.com\/es\/project\/plan-urbanistico-en-torre-vileta-cervello-barcelona\/\",\"name\":\"Plan urban\u00edstico en Torre Vileta | Guday Terreros Arquitectura\",\"isPartOf\":{\"@id\":\"https:\/\/gudayterreros.com\/es\/#website\"},\"datePublished\":\"2013-01-14T12:57:50+00:00\",\"dateModified\":\"2021-12-21T08:39:46+00:00\",\"description\":\"El equipo de arquitectos de Guday Terreros aplic\u00f3 sus amplios conocimientos y experiencia en urbanismo para desarrollar el plan urban\u00edstico en Cervell\u00f3.\",\"breadcrumb\":{\"@id\":\"https:\/\/gudayterreros.com\/es\/project\/plan-urbanistico-en-torre-vileta-cervello-barcelona\/#breadcrumb\"},\"inLanguage\":\"es\",\"potentialAction\":[{\"@type\":\"ReadAction\",\"target\":[\"https:\/\/gudayterreros.com\/es\/project\/plan-urbanistico-en-torre-vileta-cervello-barcelona\/\"]}]},{\"@type\":\"BreadcrumbList\",\"@id\":\"https:\/\/gudayterreros.com\/es\/project\/plan-urbanistico-en-torre-vileta-cervello-barcelona\/#breadcrumb\",\"itemListElement\":[{\"@type\":\"ListItem\",\"position\":1,\"name\":\"Portada\",\"item\":\"https:\/\/gudayterreros.com\/es\/\"},{\"@type\":\"ListItem\",\"position\":2,\"name\":\"Proyectos\",\"item\":\"https:\/\/gudayterreros.com\/es\/project\/\"},{\"@type\":\"ListItem\",\"position\":3,\"name\":\"Plan Urban\u00edstico en Torre Vileta (Cervell\u00f3, Barcelona)\"}]},{\"@type\":\"WebSite\",\"@id\":\"https:\/\/gudayterreros.com\/es\/#website\",\"url\":\"https:\/\/gudayterreros.com\/es\/\",\"name\":\"Guday Terreros\",\"description\":\"Despacho Arquitectura\",\"potentialAction\":[{\"@type\":\"SearchAction\",\"target\":{\"@type\":\"EntryPoint\",\"urlTemplate\":\"https:\/\/gudayterreros.com\/es\/?s={search_term_string}\"},\"query-input\":\"required name=search_term_string\"}],\"inLanguage\":\"es\"}]}<\/script>\n<!-- \/ Yoast SEO plugin. -->","yoast_head_json":{"title":"Plan urban\u00edstico en Torre Vileta | Guday Terreros Arquitectura","description":"El equipo de arquitectos de Guday Terreros aplic\u00f3 sus amplios conocimientos y experiencia en urbanismo para desarrollar el plan urban\u00edstico en Cervell\u00f3.","robots":{"index":"index","follow":"follow","max-snippet":"max-snippet:-1","max-image-preview":"max-image-preview:large","max-video-preview":"max-video-preview:-1"},"canonical":"https:\/\/gudayterreros.com\/es\/project\/plan-urbanistico-en-torre-vileta-cervello-barcelona\/","og_locale":"es_ES","og_type":"article","og_title":"Plan urban\u00edstico en Torre Vileta | Guday Terreros Arquitectura","og_description":"El equipo de arquitectos de Guday Terreros aplic\u00f3 sus amplios conocimientos y experiencia en urbanismo para desarrollar el plan urban\u00edstico en Cervell\u00f3.","og_url":"https:\/\/gudayterreros.com\/es\/project\/plan-urbanistico-en-torre-vileta-cervello-barcelona\/","og_site_name":"Guday Terreros","article_modified_time":"2021-12-21T08:39:46+00:00","og_image":[{"width":470,"height":470,"url":"https:\/\/gudayterreros.com\/wp-content\/uploads\/2021\/12\/guday-terreros-torre-vileta-1-470x470-1.jpg","type":"image\/jpeg"}],"twitter_card":"summary_large_image","schema":{"@context":"https:\/\/schema.org","@graph":[{"@type":"WebPage","@id":"https:\/\/gudayterreros.com\/es\/project\/plan-urbanistico-en-torre-vileta-cervello-barcelona\/","url":"https:\/\/gudayterreros.com\/es\/project\/plan-urbanistico-en-torre-vileta-cervello-barcelona\/","name":"Plan urban\u00edstico en Torre Vileta | Guday Terreros Arquitectura","isPartOf":{"@id":"https:\/\/gudayterreros.com\/es\/#website"},"datePublished":"2013-01-14T12:57:50+00:00","dateModified":"2021-12-21T08:39:46+00:00","description":"El equipo de arquitectos de Guday Terreros aplic\u00f3 sus amplios conocimientos y experiencia en urbanismo para desarrollar el plan urban\u00edstico en Cervell\u00f3.","breadcrumb":{"@id":"https:\/\/gudayterreros.com\/es\/project\/plan-urbanistico-en-torre-vileta-cervello-barcelona\/#breadcrumb"},"inLanguage":"es","potentialAction":[{"@type":"ReadAction","target":["https:\/\/gudayterreros.com\/es\/project\/plan-urbanistico-en-torre-vileta-cervello-barcelona\/"]}]},{"@type":"BreadcrumbList","@id":"https:\/\/gudayterreros.com\/es\/project\/plan-urbanistico-en-torre-vileta-cervello-barcelona\/#breadcrumb","itemListElement":[{"@type":"ListItem","position":1,"name":"Portada","item":"https:\/\/gudayterreros.com\/es\/"},{"@type":"ListItem","position":2,"name":"Proyectos","item":"https:\/\/gudayterreros.com\/es\/project\/"},{"@type":"ListItem","position":3,"name":"Plan Urban\u00edstico en Torre Vileta (Cervell\u00f3, Barcelona)"}]},{"@type":"WebSite","@id":"https:\/\/gudayterreros.com\/es\/#website","url":"https:\/\/gudayterreros.com\/es\/","name":"Guday Terreros","description":"Despacho Arquitectura","potentialAction":[{"@type":"SearchAction","target":{"@type":"EntryPoint","urlTemplate":"https:\/\/gudayterreros.com\/es\/?s={search_term_string}"},"query-input":"required name=search_term_string"}],"inLanguage":"es"}]}},"_links":{"self":[{"href":"https:\/\/gudayterreros.com\/es\/wp-json\/wp\/v2\/project\/3851"}],"collection":[{"href":"https:\/\/gudayterreros.com\/es\/wp-json\/wp\/v2\/project"}],"about":[{"href":"https:\/\/gudayterreros.com\/es\/wp-json\/wp\/v2\/types\/project"}],"author":[{"embeddable":true,"href":"https:\/\/gudayterreros.com\/es\/wp-json\/wp\/v2\/users\/1"}],"replies":[{"embeddable":true,"href":"https:\/\/gudayterreros.com\/es\/wp-json\/wp\/v2\/comments?post=3851"}],"version-history":[{"count":2,"href":"https:\/\/gudayterreros.com\/es\/wp-json\/wp\/v2\/project\/3851\/revisions"}],"predecessor-version":[{"id":4261,"href":"https:\/\/gudayterreros.com\/es\/wp-json\/wp\/v2\/project\/3851\/revisions\/4261"}],"wp:featuredmedia":[{"embeddable":true,"href":"https:\/\/gudayterreros.com\/es\/wp-json\/wp\/v2\/media\/3428"}],"wp:attachment":[{"href":"https:\/\/gudayterreros.com\/es\/wp-json\/wp\/v2\/media?parent=3851"}],"wp:term":[{"taxonomy":"project_category","embeddable":true,"href":"https:\/\/gudayterreros.com\/es\/wp-json\/wp\/v2\/project_category?post=3851"},{"taxonomy":"project_tag","embeddable":true,"href":"https:\/\/gudayterreros.com\/es\/wp-json\/wp\/v2\/project_tag?post=3851"}],"curies":[{"name":"wp","href":"https:\/\/api.w.org\/{rel}","templated":true}]}}