{"id":3849,"date":"2019-12-02T16:06:38","date_gmt":"2019-12-02T16:06:38","guid":{"rendered":"https:\/\/gudayterreros.com\/project\/casas-en-la-zona-del-ampurdan\/"},"modified":"2025-03-21T14:13:41","modified_gmt":"2025-03-21T14:13:41","slug":"casas-ampurdan","status":"publish","type":"project","link":"https:\/\/gudayterreros.com\/es\/project\/casas-ampurdan\/","title":{"rendered":"Casas en el Ampurd\u00e1n"},"content":{"rendered":"<p>UBICACI\u00d3:<br \/>\nLlers, Alt Empord\u00e0 (Girona, Catalu\u00f1a)<br \/>\nA\u00d1O CONSTRUCCI\u00d3N:<br \/>\n2006-2008<br \/>\nSUPERFICIE SOLAR:<br \/>\n544m\u00b2<br \/>\nSUPERFICIE CONSTRUIDA:<br \/>\n1.091m\u00b2<\/p>\n<p>Adecuaci\u00f3n de la obra en el entorno: La forma ovalada de la parcela ha marcado la distribuci\u00f3n y partici\u00f3n de las casas pareadas, hasta el punto que ha hecho surgir un despliegue en forma de abanico, que interiormente s\u00f3lo beneficia expansi\u00f3n de los espacios en la zona de la sala de estar en direcci\u00f3n hacia las vistas a Norte, donde se ofrecen unas vistas abundantes hacia el Canig\u00f3 y prados verdes de la Plana del Empord\u00e0.<\/p>\n<p>Singularidad y car\u00e1cter: Singulares son las n\u00fameros entradas de luz, tanto por el lucernario, como por las ventanas incluso en esquina, y el car\u00e1cter que hab\u00eda que dar a estas casas era la de modernidad integrada en el casco antiguo de la poblaci\u00f3n.<\/p>\n<p>Econom\u00eda de recursos: La disposici\u00f3n en abanico permiti\u00f3 aprovechar al m\u00e1ximo la edificabilidad permitida, por otra parte, todos los materiales escogidos son propios de la zona, la distribuci\u00f3n se ha hecho pensando en una posible colocaci\u00f3n de un montacargas en futuro dentro del ojo de escalera, que pudiera unir las tres plantas.<\/p>\n<p>Rigor en los aspectos t\u00e9cnicos de mantenimiento y ahorro: Los materiales y acabados para estas casas son cer\u00e1micos o acabados con pinturas, clave del funcionamiento y ahorro tradicional. Es un proyecto de programa muy standard, lo que facilita sus complejidades, por lo que su mantenimiento tambi\u00e9n es sencillo.<\/p>\n","protected":false},"excerpt":{"rendered":"<p>UBICACI\u00d3: Llers, Alt Empord\u00e0 (Girona, Catalu\u00f1a) A\u00d1O CONSTRUCCI\u00d3N: 2006-2008 SUPERFICIE SOLAR: 544m\u00b2 SUPERFICIE CONSTRUIDA: 1.091m\u00b2 Adecuaci\u00f3n de la obra en el entorno: La forma ovalada de la parcela ha marcado la distribuci\u00f3n y partici\u00f3n de las casas pareadas, hasta el punto que ha hecho surgir un despliegue en forma de abanico, que interiormente s\u00f3lo beneficia [&hellip;]<\/p>\n","protected":false},"author":3,"featured_media":3201,"comment_status":"closed","ping_status":"closed","template":"","meta":{"_et_pb_use_builder":"","_et_pb_old_content":"","_et_gb_content_width":""},"project_category":[90],"project_tag":[],"acf":[],"yoast_head":"<!-- This site is optimized with the Yoast SEO plugin v19.10 - https:\/\/yoast.com\/wordpress\/plugins\/seo\/ -->\n<title>Direcci\u00f3n de obra y project management de viviendas | Guday Terreros<\/title>\n<meta name=\"description\" content=\"Guday Terreros Arquitectura ha desarrollado un proyecto de casas pareadas en el Empord\u00e0, adecuando la obra al entorno y aprovechando al m\u00e1ximo la edificabilidad\" \/>\n<meta name=\"robots\" content=\"index, follow, max-snippet:-1, max-image-preview:large, max-video-preview:-1\" \/>\n<link rel=\"canonical\" href=\"https:\/\/gudayterreros.com\/es\/project\/casas-ampurdan\/\" \/>\n<meta property=\"og:locale\" content=\"es_ES\" \/>\n<meta property=\"og:type\" content=\"article\" \/>\n<meta property=\"og:title\" content=\"Direcci\u00f3n de obra y project management de viviendas | Guday Terreros\" \/>\n<meta property=\"og:description\" content=\"Guday Terreros Arquitectura ha desarrollado un proyecto de casas pareadas en el Empord\u00e0, adecuando la obra al entorno y aprovechando al m\u00e1ximo la edificabilidad\" \/>\n<meta property=\"og:url\" content=\"https:\/\/gudayterreros.com\/es\/project\/casas-ampurdan\/\" \/>\n<meta property=\"og:site_name\" content=\"Guday Terreros\" \/>\n<meta property=\"article:modified_time\" content=\"2025-03-21T14:13:41+00:00\" \/>\n<meta property=\"og:image\" content=\"https:\/\/gudayterreros.com\/wp-content\/uploads\/2021\/12\/guday-terreros-llers-1-470x470-1.jpg\" \/>\n\t<meta property=\"og:image:width\" content=\"470\" \/>\n\t<meta property=\"og:image:height\" content=\"470\" \/>\n\t<meta property=\"og:image:type\" content=\"image\/jpeg\" \/>\n<meta name=\"twitter:card\" content=\"summary_large_image\" \/>\n<meta name=\"twitter:label1\" content=\"Tiempo de lectura\" \/>\n\t<meta name=\"twitter:data1\" content=\"1 minuto\" \/>\n<script type=\"application\/ld+json\" class=\"yoast-schema-graph\">{\"@context\":\"https:\/\/schema.org\",\"@graph\":[{\"@type\":\"WebPage\",\"@id\":\"https:\/\/gudayterreros.com\/es\/project\/casas-ampurdan\/\",\"url\":\"https:\/\/gudayterreros.com\/es\/project\/casas-ampurdan\/\",\"name\":\"Direcci\u00f3n de obra y project management de viviendas | Guday Terreros\",\"isPartOf\":{\"@id\":\"https:\/\/gudayterreros.com\/es\/#website\"},\"datePublished\":\"2019-12-02T16:06:38+00:00\",\"dateModified\":\"2025-03-21T14:13:41+00:00\",\"description\":\"Guday Terreros Arquitectura ha desarrollado un proyecto de casas pareadas en el Empord\u00e0, adecuando la obra al entorno y aprovechando al m\u00e1ximo la edificabilidad\",\"breadcrumb\":{\"@id\":\"https:\/\/gudayterreros.com\/es\/project\/casas-ampurdan\/#breadcrumb\"},\"inLanguage\":\"es\",\"potentialAction\":[{\"@type\":\"ReadAction\",\"target\":[\"https:\/\/gudayterreros.com\/es\/project\/casas-ampurdan\/\"]}]},{\"@type\":\"BreadcrumbList\",\"@id\":\"https:\/\/gudayterreros.com\/es\/project\/casas-ampurdan\/#breadcrumb\",\"itemListElement\":[{\"@type\":\"ListItem\",\"position\":1,\"name\":\"Portada\",\"item\":\"https:\/\/gudayterreros.com\/es\/\"},{\"@type\":\"ListItem\",\"position\":2,\"name\":\"Proyectos\",\"item\":\"https:\/\/gudayterreros.com\/es\/project\/\"},{\"@type\":\"ListItem\",\"position\":3,\"name\":\"Casas en el Ampurd\u00e1n\"}]},{\"@type\":\"WebSite\",\"@id\":\"https:\/\/gudayterreros.com\/es\/#website\",\"url\":\"https:\/\/gudayterreros.com\/es\/\",\"name\":\"Guday Terreros\",\"description\":\"Despacho Arquitectura\",\"potentialAction\":[{\"@type\":\"SearchAction\",\"target\":{\"@type\":\"EntryPoint\",\"urlTemplate\":\"https:\/\/gudayterreros.com\/es\/?s={search_term_string}\"},\"query-input\":\"required name=search_term_string\"}],\"inLanguage\":\"es\"}]}<\/script>\n<!-- \/ Yoast SEO plugin. -->","yoast_head_json":{"title":"Direcci\u00f3n de obra y project management de viviendas | Guday Terreros","description":"Guday Terreros Arquitectura ha desarrollado un proyecto de casas pareadas en el Empord\u00e0, adecuando la obra al entorno y aprovechando al m\u00e1ximo la edificabilidad","robots":{"index":"index","follow":"follow","max-snippet":"max-snippet:-1","max-image-preview":"max-image-preview:large","max-video-preview":"max-video-preview:-1"},"canonical":"https:\/\/gudayterreros.com\/es\/project\/casas-ampurdan\/","og_locale":"es_ES","og_type":"article","og_title":"Direcci\u00f3n de obra y project management de viviendas | Guday Terreros","og_description":"Guday Terreros Arquitectura ha desarrollado un proyecto de casas pareadas en el Empord\u00e0, adecuando la obra al entorno y aprovechando al m\u00e1ximo la edificabilidad","og_url":"https:\/\/gudayterreros.com\/es\/project\/casas-ampurdan\/","og_site_name":"Guday Terreros","article_modified_time":"2025-03-21T14:13:41+00:00","og_image":[{"width":470,"height":470,"url":"https:\/\/gudayterreros.com\/wp-content\/uploads\/2021\/12\/guday-terreros-llers-1-470x470-1.jpg","type":"image\/jpeg"}],"twitter_card":"summary_large_image","twitter_misc":{"Tiempo de lectura":"1 minuto"},"schema":{"@context":"https:\/\/schema.org","@graph":[{"@type":"WebPage","@id":"https:\/\/gudayterreros.com\/es\/project\/casas-ampurdan\/","url":"https:\/\/gudayterreros.com\/es\/project\/casas-ampurdan\/","name":"Direcci\u00f3n de obra y project management de viviendas | Guday Terreros","isPartOf":{"@id":"https:\/\/gudayterreros.com\/es\/#website"},"datePublished":"2019-12-02T16:06:38+00:00","dateModified":"2025-03-21T14:13:41+00:00","description":"Guday Terreros Arquitectura ha desarrollado un proyecto de casas pareadas en el Empord\u00e0, adecuando la obra al entorno y aprovechando al m\u00e1ximo la edificabilidad","breadcrumb":{"@id":"https:\/\/gudayterreros.com\/es\/project\/casas-ampurdan\/#breadcrumb"},"inLanguage":"es","potentialAction":[{"@type":"ReadAction","target":["https:\/\/gudayterreros.com\/es\/project\/casas-ampurdan\/"]}]},{"@type":"BreadcrumbList","@id":"https:\/\/gudayterreros.com\/es\/project\/casas-ampurdan\/#breadcrumb","itemListElement":[{"@type":"ListItem","position":1,"name":"Portada","item":"https:\/\/gudayterreros.com\/es\/"},{"@type":"ListItem","position":2,"name":"Proyectos","item":"https:\/\/gudayterreros.com\/es\/project\/"},{"@type":"ListItem","position":3,"name":"Casas en el Ampurd\u00e1n"}]},{"@type":"WebSite","@id":"https:\/\/gudayterreros.com\/es\/#website","url":"https:\/\/gudayterreros.com\/es\/","name":"Guday Terreros","description":"Despacho Arquitectura","potentialAction":[{"@type":"SearchAction","target":{"@type":"EntryPoint","urlTemplate":"https:\/\/gudayterreros.com\/es\/?s={search_term_string}"},"query-input":"required name=search_term_string"}],"inLanguage":"es"}]}},"_links":{"self":[{"href":"https:\/\/gudayterreros.com\/es\/wp-json\/wp\/v2\/project\/3849"}],"collection":[{"href":"https:\/\/gudayterreros.com\/es\/wp-json\/wp\/v2\/project"}],"about":[{"href":"https:\/\/gudayterreros.com\/es\/wp-json\/wp\/v2\/types\/project"}],"author":[{"embeddable":true,"href":"https:\/\/gudayterreros.com\/es\/wp-json\/wp\/v2\/users\/3"}],"replies":[{"embeddable":true,"href":"https:\/\/gudayterreros.com\/es\/wp-json\/wp\/v2\/comments?post=3849"}],"version-history":[{"count":3,"href":"https:\/\/gudayterreros.com\/es\/wp-json\/wp\/v2\/project\/3849\/revisions"}],"predecessor-version":[{"id":5010,"href":"https:\/\/gudayterreros.com\/es\/wp-json\/wp\/v2\/project\/3849\/revisions\/5010"}],"wp:featuredmedia":[{"embeddable":true,"href":"https:\/\/gudayterreros.com\/es\/wp-json\/wp\/v2\/media\/3201"}],"wp:attachment":[{"href":"https:\/\/gudayterreros.com\/es\/wp-json\/wp\/v2\/media?parent=3849"}],"wp:term":[{"taxonomy":"project_category","embeddable":true,"href":"https:\/\/gudayterreros.com\/es\/wp-json\/wp\/v2\/project_category?post=3849"},{"taxonomy":"project_tag","embeddable":true,"href":"https:\/\/gudayterreros.com\/es\/wp-json\/wp\/v2\/project_tag?post=3849"}],"curies":[{"name":"wp","href":"https:\/\/api.w.org\/{rel}","templated":true}]}}