{"id":3841,"date":"2015-12-15T13:56:17","date_gmt":"2015-12-15T13:56:17","guid":{"rendered":"https:\/\/gudayterreros.com\/project\/concurso-de-guarderia-en-vilobi-del-penedes\/"},"modified":"2021-12-22T11:12:54","modified_gmt":"2021-12-22T11:12:54","slug":"concurso-de-guarderia-en-vilobi-del-penedes","status":"publish","type":"project","link":"https:\/\/gudayterreros.com\/es\/project\/concurso-de-guarderia-en-vilobi-del-penedes\/","title":{"rendered":"Concurso de Guarder\u00eda en Vilob\u00ed del Penedes"},"content":{"rendered":"<p>Edificio para uso de Guarder\u00eda en Vilob\u00ed del Pened\u00e9s<\/p>\n<p>El proyecto se sit\u00faa dentro de una zona destinada a equipamientos del pueblo. Todo el programa p\u00fablico queda organizado alrededor de la explanada del campo de f\u00fatbol y justo al extremo de poniente de la iglesia de Santa Mar\u00eda.<br \/>\nLa calle del Pujolet de Bellver se destina como v\u00eda de acceso principal al edificio del jard\u00edn infantil.<br \/>\nLa primera decisi\u00f3n de dise\u00f1o del edificio es definir una primera volumetr\u00eda y luego el emplazamiento dentro de la parcela. Como que se trabaja el programa en tres \u00e1reas principales: administraci\u00f3n servicios, circulaci\u00f3n y aulas, se piensa en un volumen largo donde cada una de \u00e9stas es una franja. Se define el emplazamiento del volumen paralelo a la calle Pujolet, a partir de la esquina con la avenida Generalitat.<br \/>\nLas aulas se resuelven como cajas que se orientan hacia el sur, mientras los servicios y administraci\u00f3n son una barra hacia el l\u00edmite norte con calle Pujolet. La circulaci\u00f3n se deja al medio y se plantea como un gran espacio abierto: \u201cnave\u201d, que es primero el vest\u00edbulo que recibe la llegada de los ni\u00f1os y padres y, segundo, en un extremo es el comedor. Tambi\u00e9n puede pasar a ser el patio interior los d\u00edas que no se pueda salir al patio o para realizar actividades con los padres.<br \/>\nLa unidad principal educacional del edificio es el m\u00f3dulo doble de aulas, uno para P0, otro para P1 y otro para P2.<br \/>\nSe piensa que cada m\u00f3dulo doble pueda ser vers\u00e1til, por lo que se plantea la posibilidad de uni\u00f3n entre dos m\u00f3dulos.<\/p>\n<p>Otros dos elementos son muy importantes en la configuraci\u00f3n del espacio: el techo y el suelo. El primero diferencia los espacios y el car\u00e1cter m\u00e1s o menos abierto de cada uno y bajo el que se cobijan las diferentes \u00e1reas. Sube y baja acompa\u00f1ando el recorrido hacia el interior y se separa de los cuerpos de las aulas para dejar entrar la luz de invierno al espacio \u201cnave\u201d.<\/p>\n<p>El suelo es el elemento que conecta los espacios de circulaci\u00f3n con las aulas. Se colocan unos pavimentos interiores y exteriores, artificiales y naturales, con unos dibujos que representan las ramas de dos \u00e1rboles extendidos en el suelo, que marcan unos caminos que se tocan al l\u00edmite del edificio y el patio.<\/p>\n<p>PROGRAMA<br \/>\nConcurso para una guarder\u00eda<br \/>\nUBICACI\u00d3N<br \/>\nVilob\u00ed del Pened\u00e8s<br \/>\nPROMOTORES<br \/>\nAyuntamiento de Vilob\u00ed del Pened\u00e8s<br \/>\nAUTORES<br \/>\nOlga Guday i\u00a0Rodrigo Gonz\u00e1lez<br \/>\nCOLABORADORES<br \/>\nCristiano Franconi, Caterina Dominioni, Mirko Usai<br \/>\nESTRUCTURAS<br \/>\nRodrigo Gonz\u00e1lez<br \/>\nA\u00d1O PROYECTO<br \/>\n2009<br \/>\nSUPERF\u00cdCIE SOLAR<br \/>\n2.227,15 m\u00b2<br \/>\nSUPERF\u00cdCIE CONSTRUIDA<br \/>\n830,01 m\u00b2<br \/>\nPRESUPUESTO<br \/>\n1.113.481,99 \u20ac<\/p>\n","protected":false},"excerpt":{"rendered":"<p>Edificio para uso de Guarder\u00eda en Vilob\u00ed del Pened\u00e9s El proyecto se sit\u00faa dentro de una zona destinada a equipamientos del pueblo. Todo el programa p\u00fablico queda organizado alrededor de la explanada del campo de f\u00fatbol y justo al extremo de poniente de la iglesia de Santa Mar\u00eda. La calle del Pujolet de Bellver se [&hellip;]<\/p>\n","protected":false},"author":3,"featured_media":2981,"comment_status":"closed","ping_status":"closed","template":"","meta":{"_et_pb_use_builder":"","_et_pb_old_content":"","_et_gb_content_width":""},"project_category":[95],"project_tag":[],"acf":[],"yoast_head":"<!-- This site is optimized with the Yoast SEO plugin v19.10 - https:\/\/yoast.com\/wordpress\/plugins\/seo\/ -->\n<title>Proyecto de Arquitectura de una Guarder\u00eda I Guday Terreros Arquitectura<\/title>\n<meta name=\"description\" content=\"En Guday Terreros desarrollamos proyectos de jardines de infancia, escuelas, edificios universitarios, desde el proyecto hasta la gesti\u00f3n de la obra. Entra!\" \/>\n<meta name=\"robots\" content=\"index, follow, max-snippet:-1, max-image-preview:large, max-video-preview:-1\" \/>\n<link rel=\"canonical\" href=\"https:\/\/gudayterreros.com\/es\/project\/concurso-de-guarderia-en-vilobi-del-penedes\/\" \/>\n<meta property=\"og:locale\" content=\"es_ES\" \/>\n<meta property=\"og:type\" content=\"article\" \/>\n<meta property=\"og:title\" content=\"Proyecto de Arquitectura de una Guarder\u00eda I Guday Terreros Arquitectura\" \/>\n<meta property=\"og:description\" content=\"En Guday Terreros desarrollamos proyectos de jardines de infancia, escuelas, edificios universitarios, desde el proyecto hasta la gesti\u00f3n de la obra. Entra!\" \/>\n<meta property=\"og:url\" content=\"https:\/\/gudayterreros.com\/es\/project\/concurso-de-guarderia-en-vilobi-del-penedes\/\" \/>\n<meta property=\"og:site_name\" content=\"Guday Terreros\" \/>\n<meta property=\"article:modified_time\" content=\"2021-12-22T11:12:54+00:00\" \/>\n<meta property=\"og:image\" content=\"https:\/\/gudayterreros.com\/wp-content\/uploads\/2021\/12\/concurs-llar-infants-vilobi-penedes-2.jpg\" \/>\n\t<meta property=\"og:image:width\" content=\"875\" \/>\n\t<meta property=\"og:image:height\" content=\"460\" \/>\n\t<meta property=\"og:image:type\" content=\"image\/jpeg\" \/>\n<meta name=\"twitter:card\" content=\"summary_large_image\" \/>\n<meta name=\"twitter:label1\" content=\"Tiempo de lectura\" \/>\n\t<meta name=\"twitter:data1\" content=\"2 minutos\" \/>\n<script type=\"application\/ld+json\" class=\"yoast-schema-graph\">{\"@context\":\"https:\/\/schema.org\",\"@graph\":[{\"@type\":\"WebPage\",\"@id\":\"https:\/\/gudayterreros.com\/es\/project\/concurso-de-guarderia-en-vilobi-del-penedes\/\",\"url\":\"https:\/\/gudayterreros.com\/es\/project\/concurso-de-guarderia-en-vilobi-del-penedes\/\",\"name\":\"Proyecto de Arquitectura de una Guarder\u00eda I Guday Terreros Arquitectura\",\"isPartOf\":{\"@id\":\"https:\/\/gudayterreros.com\/es\/#website\"},\"datePublished\":\"2015-12-15T13:56:17+00:00\",\"dateModified\":\"2021-12-22T11:12:54+00:00\",\"description\":\"En Guday Terreros desarrollamos proyectos de jardines de infancia, escuelas, edificios universitarios, desde el proyecto hasta la gesti\u00f3n de la obra. Entra!\",\"breadcrumb\":{\"@id\":\"https:\/\/gudayterreros.com\/es\/project\/concurso-de-guarderia-en-vilobi-del-penedes\/#breadcrumb\"},\"inLanguage\":\"es\",\"potentialAction\":[{\"@type\":\"ReadAction\",\"target\":[\"https:\/\/gudayterreros.com\/es\/project\/concurso-de-guarderia-en-vilobi-del-penedes\/\"]}]},{\"@type\":\"BreadcrumbList\",\"@id\":\"https:\/\/gudayterreros.com\/es\/project\/concurso-de-guarderia-en-vilobi-del-penedes\/#breadcrumb\",\"itemListElement\":[{\"@type\":\"ListItem\",\"position\":1,\"name\":\"Portada\",\"item\":\"https:\/\/gudayterreros.com\/es\/\"},{\"@type\":\"ListItem\",\"position\":2,\"name\":\"Proyectos\",\"item\":\"https:\/\/gudayterreros.com\/es\/project\/\"},{\"@type\":\"ListItem\",\"position\":3,\"name\":\"Concurso de Guarder\u00eda en Vilob\u00ed del Penedes\"}]},{\"@type\":\"WebSite\",\"@id\":\"https:\/\/gudayterreros.com\/es\/#website\",\"url\":\"https:\/\/gudayterreros.com\/es\/\",\"name\":\"Guday Terreros\",\"description\":\"Despacho Arquitectura\",\"potentialAction\":[{\"@type\":\"SearchAction\",\"target\":{\"@type\":\"EntryPoint\",\"urlTemplate\":\"https:\/\/gudayterreros.com\/es\/?s={search_term_string}\"},\"query-input\":\"required name=search_term_string\"}],\"inLanguage\":\"es\"}]}<\/script>\n<!-- \/ Yoast SEO plugin. -->","yoast_head_json":{"title":"Proyecto de Arquitectura de una Guarder\u00eda I Guday Terreros Arquitectura","description":"En Guday Terreros desarrollamos proyectos de jardines de infancia, escuelas, edificios universitarios, desde el proyecto hasta la gesti\u00f3n de la obra. Entra!","robots":{"index":"index","follow":"follow","max-snippet":"max-snippet:-1","max-image-preview":"max-image-preview:large","max-video-preview":"max-video-preview:-1"},"canonical":"https:\/\/gudayterreros.com\/es\/project\/concurso-de-guarderia-en-vilobi-del-penedes\/","og_locale":"es_ES","og_type":"article","og_title":"Proyecto de Arquitectura de una Guarder\u00eda I Guday Terreros Arquitectura","og_description":"En Guday Terreros desarrollamos proyectos de jardines de infancia, escuelas, edificios universitarios, desde el proyecto hasta la gesti\u00f3n de la obra. Entra!","og_url":"https:\/\/gudayterreros.com\/es\/project\/concurso-de-guarderia-en-vilobi-del-penedes\/","og_site_name":"Guday Terreros","article_modified_time":"2021-12-22T11:12:54+00:00","og_image":[{"width":875,"height":460,"url":"https:\/\/gudayterreros.com\/wp-content\/uploads\/2021\/12\/concurs-llar-infants-vilobi-penedes-2.jpg","type":"image\/jpeg"}],"twitter_card":"summary_large_image","twitter_misc":{"Tiempo de lectura":"2 minutos"},"schema":{"@context":"https:\/\/schema.org","@graph":[{"@type":"WebPage","@id":"https:\/\/gudayterreros.com\/es\/project\/concurso-de-guarderia-en-vilobi-del-penedes\/","url":"https:\/\/gudayterreros.com\/es\/project\/concurso-de-guarderia-en-vilobi-del-penedes\/","name":"Proyecto de Arquitectura de una Guarder\u00eda I Guday Terreros Arquitectura","isPartOf":{"@id":"https:\/\/gudayterreros.com\/es\/#website"},"datePublished":"2015-12-15T13:56:17+00:00","dateModified":"2021-12-22T11:12:54+00:00","description":"En Guday Terreros desarrollamos proyectos de jardines de infancia, escuelas, edificios universitarios, desde el proyecto hasta la gesti\u00f3n de la obra. Entra!","breadcrumb":{"@id":"https:\/\/gudayterreros.com\/es\/project\/concurso-de-guarderia-en-vilobi-del-penedes\/#breadcrumb"},"inLanguage":"es","potentialAction":[{"@type":"ReadAction","target":["https:\/\/gudayterreros.com\/es\/project\/concurso-de-guarderia-en-vilobi-del-penedes\/"]}]},{"@type":"BreadcrumbList","@id":"https:\/\/gudayterreros.com\/es\/project\/concurso-de-guarderia-en-vilobi-del-penedes\/#breadcrumb","itemListElement":[{"@type":"ListItem","position":1,"name":"Portada","item":"https:\/\/gudayterreros.com\/es\/"},{"@type":"ListItem","position":2,"name":"Proyectos","item":"https:\/\/gudayterreros.com\/es\/project\/"},{"@type":"ListItem","position":3,"name":"Concurso de Guarder\u00eda en Vilob\u00ed del Penedes"}]},{"@type":"WebSite","@id":"https:\/\/gudayterreros.com\/es\/#website","url":"https:\/\/gudayterreros.com\/es\/","name":"Guday Terreros","description":"Despacho Arquitectura","potentialAction":[{"@type":"SearchAction","target":{"@type":"EntryPoint","urlTemplate":"https:\/\/gudayterreros.com\/es\/?s={search_term_string}"},"query-input":"required name=search_term_string"}],"inLanguage":"es"}]}},"_links":{"self":[{"href":"https:\/\/gudayterreros.com\/es\/wp-json\/wp\/v2\/project\/3841"}],"collection":[{"href":"https:\/\/gudayterreros.com\/es\/wp-json\/wp\/v2\/project"}],"about":[{"href":"https:\/\/gudayterreros.com\/es\/wp-json\/wp\/v2\/types\/project"}],"author":[{"embeddable":true,"href":"https:\/\/gudayterreros.com\/es\/wp-json\/wp\/v2\/users\/3"}],"replies":[{"embeddable":true,"href":"https:\/\/gudayterreros.com\/es\/wp-json\/wp\/v2\/comments?post=3841"}],"version-history":[{"count":3,"href":"https:\/\/gudayterreros.com\/es\/wp-json\/wp\/v2\/project\/3841\/revisions"}],"predecessor-version":[{"id":4241,"href":"https:\/\/gudayterreros.com\/es\/wp-json\/wp\/v2\/project\/3841\/revisions\/4241"}],"wp:featuredmedia":[{"embeddable":true,"href":"https:\/\/gudayterreros.com\/es\/wp-json\/wp\/v2\/media\/2981"}],"wp:attachment":[{"href":"https:\/\/gudayterreros.com\/es\/wp-json\/wp\/v2\/media?parent=3841"}],"wp:term":[{"taxonomy":"project_category","embeddable":true,"href":"https:\/\/gudayterreros.com\/es\/wp-json\/wp\/v2\/project_category?post=3841"},{"taxonomy":"project_tag","embeddable":true,"href":"https:\/\/gudayterreros.com\/es\/wp-json\/wp\/v2\/project_tag?post=3841"}],"curies":[{"name":"wp","href":"https:\/\/api.w.org\/{rel}","templated":true}]}}