{"id":3671,"date":"2021-12-14T11:44:29","date_gmt":"2021-12-14T11:44:29","guid":{"rendered":"https:\/\/gudayterreros.com\/equipo-es\/"},"modified":"2021-12-20T22:03:53","modified_gmt":"2021-12-20T22:03:53","slug":"equipo","status":"publish","type":"page","link":"https:\/\/gudayterreros.com\/es\/equipo\/","title":{"rendered":"Equipo &#8211; ES"},"content":{"rendered":"<p>[et_pb_section fb_built=\u00bb1&#8243; module_id=\u00bbequipo\u00bb _builder_version=\u00bb4.14.1&#8243; _module_preset=\u00bbdefault\u00bb background_color=\u00bbRGBA(255,255,255,0)\u00bb min_height=\u00bb100%\u00bb height=\u00bb100%\u00bb max_height=\u00bb100%\u00bb locked=\u00bboff\u00bb global_colors_info=\u00bb{}\u00bb][et_pb_row _builder_version=\u00bb4.14.1&#8243; _module_preset=\u00bbdefault\u00bb global_colors_info=\u00bb{}\u00bb][et_pb_column type=\u00bb4_4&#8243; _builder_version=\u00bb4.14.1&#8243; _module_preset=\u00bbdefault\u00bb global_colors_info=\u00bb{}\u00bb][et_pb_text _builder_version=\u00bb4.14.1&#8243; _module_preset=\u00bbdefault\u00bb header_font=\u00bbRaleway|300|||||||\u00bb header_text_color=\u00bb#616060&#8243; global_colors_info=\u00bb{}\u00bb]<\/p>\n<h1>Conoce nuestro Equipo<\/h1>\n<p>[\/et_pb_text][\/et_pb_column][\/et_pb_row][et_pb_row custom_padding_last_edited=\u00bbon|phone\u00bb _builder_version=\u00bb4.14.1&#8243; _module_preset=\u00bbdefault\u00bb width=\u00bb100%\u00bb max_width=\u00bb100%\u00bb custom_padding_tablet=\u00bb0px||||false|false\u00bb custom_padding_phone=\u00bb0px||||false|false\u00bb global_colors_info=\u00bb{}\u00bb][et_pb_column type=\u00bb4_4&#8243; _builder_version=\u00bb4.14.1&#8243; _module_preset=\u00bbdefault\u00bb global_colors_info=\u00bb{}\u00bb][et_pb_slider arrows_custom_color=\u00bb#616060&#8243; dot_nav_custom_color=\u00bbRGBA(255,255,255,0)\u00bb _builder_version=\u00bb4.14.1&#8243; _module_preset=\u00bbdefault\u00bb background_color=\u00bbRGBA(255,255,255,0)\u00bb min_height=\u00bb500px\u00bb custom_margin=\u00bb0px||0px||true|false\u00bb custom_padding=\u00bb0px||0px||true|false\u00bb global_colors_info=\u00bb{}\u00bb][et_pb_slide heading=\u00bbOLGA GUDAY PADROSA\u00bb image=\u00bbhttps:\/\/gudayterreros.com\/wp-content\/uploads\/2021\/11\/Olga-Guday-01b-470&#215;470-1.jpg\u00bb _builder_version=\u00bb4.14.1&#8243; _module_preset=\u00bbdefault\u00bb header_level=\u00bbh2&#8243; header_font=\u00bbRaleway|300|||||||\u00bb header_text_align=\u00bbleft\u00bb header_text_color=\u00bb#616060&#8243; header_font_size=\u00bb24px\u00bb body_text_color=\u00bb#616060&#8243; max_width=\u00bb1200px\u00bb border_radii_image=\u00bbon|400px|400px|400px|400px\u00bb global_colors_info=\u00bb{}\u00bb sticky_transition=\u00bbon\u00bb]<\/p>\n<h3 style=\"text-align: left;\">Arquitecta y Directora del Despacho<\/h3>\n<p>&nbsp;<\/p>\n<p style=\"text-align: left;\">Nace en Barcelona el 1976. Estudia en la Facultad de Arquitectura de Barcelona (E.T.S.A.B., Universidad Polit\u00e9cnica de Catalu\u00f1a). En 2002 estudia su cuarto a\u00f1o de carrera en la \u00abTechnische Universit\u00e4t\u00bb de Berlin (T.U.B.). Es all\u00ed donde colabora con el Despacho \u00abHuffer &amp; Ramin Architekten\u00bb. En 2004 se titula como Arquitecta con una Menci\u00f3n de Honor. El mismo a\u00f1o recibe el Premio Dragados por la Innovaci\u00f3n en los detalles constructivos en su proyecto final de carrera. Tambi\u00e9n el mismo a\u00f1o 2004 se asocia con Juan Sainz de los Terreros Bustos abriendo \u00abGuday Terreros Arquitectura\u00bb. Un a\u00f1o m\u00e1s tarde estudia el Master de \u00abManagement de la Construcci\u00f3n\u00bb en la Salle (Universidad Ramon Llull).<\/p>\n<p>[\/et_pb_slide][et_pb_slide heading=\u00bbBLANCA OLIVERAS ESPINOSA\u00bb image=\u00bbhttps:\/\/gudayterreros.com\/wp-content\/uploads\/2021\/11\/blanca-oliveras-01b-470&#215;470-1.jpg\u00bb _builder_version=\u00bb4.14.1&#8243; _module_preset=\u00bbdefault\u00bb header_level=\u00bbh2&#8243; header_font=\u00bbRaleway|300|||||||\u00bb header_text_align=\u00bbleft\u00bb header_text_color=\u00bb#616060&#8243; header_font_size=\u00bb24px\u00bb body_text_align=\u00bbleft\u00bb body_text_color=\u00bb#616060&#8243; max_width=\u00bb1200px\u00bb border_radii_image=\u00bbon|400px|400px|400px|400px\u00bb global_colors_info=\u00bb{}\u00bb sticky_transition=\u00bbon\u00bb]<\/p>\n<h3>Ingeniera Industrial<\/h3>\n<p>&nbsp;<\/p>\n<p style=\"text-align: left;\">Nace en Barcelona en 1976. Estudia en la Facultad de Ingenier\u00eda Industrial de Barcelona (E.T.S.E.I.B., Universidad Polit\u00e9cnica de Catalu\u00f1a). Estudia un curso de la carrera en Francia. Ha desarrollado numerosos proyectos industriales en Catalu\u00f1a a trav\u00e9s de su Ingenier\u00eda.<\/p>\n<p>[\/et_pb_slide][et_pb_slide heading=\u00bbMONTSERRAT PECO CLOTET\u00bb image=\u00bbhttps:\/\/gudayterreros.com\/wp-content\/uploads\/2021\/12\/montserrat-peco.png\u00bb _builder_version=\u00bb4.14.1&#8243; _module_preset=\u00bbdefault\u00bb header_level=\u00bbh2&#8243; header_font=\u00bbRaleway|300|||||||\u00bb header_text_align=\u00bbleft\u00bb header_text_color=\u00bb#616060&#8243; header_font_size=\u00bb24px\u00bb body_text_align=\u00bbleft\u00bb body_text_color=\u00bb#616060&#8243; max_width=\u00bb1200px\u00bb border_radii_image=\u00bbon|400px|400px|400px|400px\u00bb global_colors_info=\u00bb{}\u00bb sticky_transition=\u00bbon\u00bb]<\/p>\n<h3>Arquitecta t\u00e9cnica e Ingeniera de la Edificaci\u00f3n<\/h3>\n<p>&nbsp;<\/p>\n<p style=\"text-align: left;\">Nace en Terrassa en 1973. Estudia en la Facultad de Arquitectura t\u00e9cnica de Barcelona (Universidad Polit\u00e9cnica de Catalu\u00f1a). Estudia el Posgrado de Coordinador de Seguridad y Salud en la Construcci\u00f3n, en el Colegio CAATEEB. Estudia el Grado de Ingeniero de la Edificaci\u00f3n, en LASALLE (Universidad Ramon Llull).<\/p>\n<p>[\/et_pb_slide][et_pb_slide heading=\u00bbEquipo de trabajo\u00bb image=\u00bbhttps:\/\/gudayterreros.com\/wp-content\/uploads\/2021\/12\/equip.jpg\u00bb _builder_version=\u00bb4.14.1&#8243; _module_preset=\u00bbdefault\u00bb header_level=\u00bbh2&#8243; header_font=\u00bbRaleway|300|||||||\u00bb header_text_align=\u00bbleft\u00bb header_text_color=\u00bb#616060&#8243; header_font_size=\u00bb24px\u00bb body_text_align=\u00bbleft\u00bb body_text_color=\u00bb#616060&#8243; max_width=\u00bb1200px\u00bb border_radii_image=\u00bbon|400px|400px|400px|400px\u00bb global_colors_info=\u00bb{}\u00bb sticky_transition=\u00bbon\u00bb]<\/p>\n<h3>Arquitectos especializados<\/h3>\n<p>&nbsp;<\/p>\n<p>El equipo de Guday Terreros Arquitectura est\u00e1 formado por colaboradores internos y por una red de colaboradores externos especializados en diferentes \u00e1mbitos, con los que compartimos los mismos objetivos y exigencia:<\/p>\n<p>ARQUITECTOS: Mayte Lloret &#8211; Daniel G\u00f3mez &#8211; Rodrigo Gonz\u00e1lez &#8211; Sergi Ros<\/p>\n<p>ARQUITECTOS \/ ESTRUCTURISTAS: David Aubert &#8211; Jordi Par\u00e9s<\/p>\n<p>URBANISTAS: Quim Vivas<\/p>\n<p>INGENIEROS: Xavier Guari &#8211; Roger Azoteas &#8211; Ignacio Sainz de los Terreros Bustos &#8211; Daniel Valencia &#8211; Xavi Picart &#8211; Xavier Mart\u00ednez-Falero<\/p>\n<p>ARQUITECTOS T\u00c9CNICOS: Jose Manuel Garc\u00e9s &#8211; Javier Escuchuri &#8211; Miguel Ballester &#8211; Sebasti\u00e1n Villena &#8211; Ferran Vives &#8211; Manel Dado &#8211; Annabelle Ensargueix<\/p>\n<p>DISE\u00d1ADORES DE INTERIORES: Bel\u00e9n Campos &#8211; Montse Tarrago &#8211; Mireia Mu\u00f1iz<\/p>\n<p>ARQUITECTOS TASADORES: Carles Bosch<\/p>\n<p>[\/et_pb_slide][\/et_pb_slider][\/et_pb_column][\/et_pb_row][\/et_pb_section]<\/p>\n","protected":false},"excerpt":{"rendered":"<p>Conoce nuestro EquipoArquitecta y Directora del Despacho &nbsp; Nace en Barcelona el 1976. Estudia en la Facultad de Arquitectura de Barcelona (E.T.S.A.B., Universidad Polit\u00e9cnica de Catalu\u00f1a). En 2002 estudia su cuarto a\u00f1o de carrera en la \u00abTechnische Universit\u00e4t\u00bb de Berlin (T.U.B.). Es all\u00ed donde colabora con el Despacho \u00abHuffer &amp; Ramin Architekten\u00bb. En 2004 se [&hellip;]<\/p>\n","protected":false},"author":1,"featured_media":0,"parent":0,"menu_order":0,"comment_status":"closed","ping_status":"closed","template":"","meta":{"_et_pb_use_builder":"on","_et_pb_old_content":"","_et_gb_content_width":""},"acf":[],"yoast_head":"<!-- This site is optimized with the Yoast SEO plugin v19.10 - https:\/\/yoast.com\/wordpress\/plugins\/seo\/ -->\n<title>Arquitectura e interiorismo en Barcelona | Guday Terreros Arquitectura<\/title>\n<meta name=\"description\" content=\"En Guday Terreros desarrollamos proyectos de arquitectura y urbanismo en Barcelona, dise\u00f1ando espacios \u00fanicos y ofreciendo el mejor asesoramiento t\u00e9cnico\" \/>\n<meta name=\"robots\" content=\"index, follow, max-snippet:-1, max-image-preview:large, max-video-preview:-1\" \/>\n<link rel=\"canonical\" href=\"https:\/\/gudayterreros.com\/es\/equipo\/\" \/>\n<meta property=\"og:locale\" content=\"es_ES\" \/>\n<meta property=\"og:type\" content=\"article\" \/>\n<meta property=\"og:title\" content=\"Arquitectura e interiorismo en Barcelona | Guday Terreros Arquitectura\" \/>\n<meta property=\"og:description\" content=\"En Guday Terreros desarrollamos proyectos de arquitectura y urbanismo en Barcelona, dise\u00f1ando espacios \u00fanicos y ofreciendo el mejor asesoramiento t\u00e9cnico\" \/>\n<meta property=\"og:url\" content=\"https:\/\/gudayterreros.com\/es\/equipo\/\" \/>\n<meta property=\"og:site_name\" content=\"Guday Terreros\" \/>\n<meta property=\"article:modified_time\" content=\"2021-12-20T22:03:53+00:00\" \/>\n<meta name=\"twitter:card\" content=\"summary_large_image\" \/>\n<meta name=\"twitter:label1\" content=\"Tiempo de lectura\" \/>\n\t<meta name=\"twitter:data1\" content=\"4 minutos\" \/>\n<script type=\"application\/ld+json\" class=\"yoast-schema-graph\">{\"@context\":\"https:\/\/schema.org\",\"@graph\":[{\"@type\":\"WebPage\",\"@id\":\"https:\/\/gudayterreros.com\/es\/equipo\/\",\"url\":\"https:\/\/gudayterreros.com\/es\/equipo\/\",\"name\":\"Arquitectura e interiorismo en Barcelona | Guday Terreros Arquitectura\",\"isPartOf\":{\"@id\":\"https:\/\/gudayterreros.com\/es\/#website\"},\"datePublished\":\"2021-12-14T11:44:29+00:00\",\"dateModified\":\"2021-12-20T22:03:53+00:00\",\"description\":\"En Guday Terreros desarrollamos proyectos de arquitectura y urbanismo en Barcelona, dise\u00f1ando espacios \u00fanicos y ofreciendo el mejor asesoramiento t\u00e9cnico\",\"breadcrumb\":{\"@id\":\"https:\/\/gudayterreros.com\/es\/equipo\/#breadcrumb\"},\"inLanguage\":\"es\",\"potentialAction\":[{\"@type\":\"ReadAction\",\"target\":[\"https:\/\/gudayterreros.com\/es\/equipo\/\"]}]},{\"@type\":\"BreadcrumbList\",\"@id\":\"https:\/\/gudayterreros.com\/es\/equipo\/#breadcrumb\",\"itemListElement\":[{\"@type\":\"ListItem\",\"position\":1,\"name\":\"Portada\",\"item\":\"https:\/\/gudayterreros.com\/es\/\"},{\"@type\":\"ListItem\",\"position\":2,\"name\":\"Equipo &#8211; ES\"}]},{\"@type\":\"WebSite\",\"@id\":\"https:\/\/gudayterreros.com\/es\/#website\",\"url\":\"https:\/\/gudayterreros.com\/es\/\",\"name\":\"Guday Terreros\",\"description\":\"Despacho Arquitectura\",\"potentialAction\":[{\"@type\":\"SearchAction\",\"target\":{\"@type\":\"EntryPoint\",\"urlTemplate\":\"https:\/\/gudayterreros.com\/es\/?s={search_term_string}\"},\"query-input\":\"required name=search_term_string\"}],\"inLanguage\":\"es\"}]}<\/script>\n<!-- \/ Yoast SEO plugin. -->","yoast_head_json":{"title":"Arquitectura e interiorismo en Barcelona | Guday Terreros Arquitectura","description":"En Guday Terreros desarrollamos proyectos de arquitectura y urbanismo en Barcelona, dise\u00f1ando espacios \u00fanicos y ofreciendo el mejor asesoramiento t\u00e9cnico","robots":{"index":"index","follow":"follow","max-snippet":"max-snippet:-1","max-image-preview":"max-image-preview:large","max-video-preview":"max-video-preview:-1"},"canonical":"https:\/\/gudayterreros.com\/es\/equipo\/","og_locale":"es_ES","og_type":"article","og_title":"Arquitectura e interiorismo en Barcelona | Guday Terreros Arquitectura","og_description":"En Guday Terreros desarrollamos proyectos de arquitectura y urbanismo en Barcelona, dise\u00f1ando espacios \u00fanicos y ofreciendo el mejor asesoramiento t\u00e9cnico","og_url":"https:\/\/gudayterreros.com\/es\/equipo\/","og_site_name":"Guday Terreros","article_modified_time":"2021-12-20T22:03:53+00:00","twitter_card":"summary_large_image","twitter_misc":{"Tiempo de lectura":"4 minutos"},"schema":{"@context":"https:\/\/schema.org","@graph":[{"@type":"WebPage","@id":"https:\/\/gudayterreros.com\/es\/equipo\/","url":"https:\/\/gudayterreros.com\/es\/equipo\/","name":"Arquitectura e interiorismo en Barcelona | Guday Terreros Arquitectura","isPartOf":{"@id":"https:\/\/gudayterreros.com\/es\/#website"},"datePublished":"2021-12-14T11:44:29+00:00","dateModified":"2021-12-20T22:03:53+00:00","description":"En Guday Terreros desarrollamos proyectos de arquitectura y urbanismo en Barcelona, dise\u00f1ando espacios \u00fanicos y ofreciendo el mejor asesoramiento t\u00e9cnico","breadcrumb":{"@id":"https:\/\/gudayterreros.com\/es\/equipo\/#breadcrumb"},"inLanguage":"es","potentialAction":[{"@type":"ReadAction","target":["https:\/\/gudayterreros.com\/es\/equipo\/"]}]},{"@type":"BreadcrumbList","@id":"https:\/\/gudayterreros.com\/es\/equipo\/#breadcrumb","itemListElement":[{"@type":"ListItem","position":1,"name":"Portada","item":"https:\/\/gudayterreros.com\/es\/"},{"@type":"ListItem","position":2,"name":"Equipo &#8211; ES"}]},{"@type":"WebSite","@id":"https:\/\/gudayterreros.com\/es\/#website","url":"https:\/\/gudayterreros.com\/es\/","name":"Guday Terreros","description":"Despacho Arquitectura","potentialAction":[{"@type":"SearchAction","target":{"@type":"EntryPoint","urlTemplate":"https:\/\/gudayterreros.com\/es\/?s={search_term_string}"},"query-input":"required name=search_term_string"}],"inLanguage":"es"}]}},"_links":{"self":[{"href":"https:\/\/gudayterreros.com\/es\/wp-json\/wp\/v2\/pages\/3671"}],"collection":[{"href":"https:\/\/gudayterreros.com\/es\/wp-json\/wp\/v2\/pages"}],"about":[{"href":"https:\/\/gudayterreros.com\/es\/wp-json\/wp\/v2\/types\/page"}],"author":[{"embeddable":true,"href":"https:\/\/gudayterreros.com\/es\/wp-json\/wp\/v2\/users\/1"}],"replies":[{"embeddable":true,"href":"https:\/\/gudayterreros.com\/es\/wp-json\/wp\/v2\/comments?post=3671"}],"version-history":[{"count":11,"href":"https:\/\/gudayterreros.com\/es\/wp-json\/wp\/v2\/pages\/3671\/revisions"}],"predecessor-version":[{"id":4098,"href":"https:\/\/gudayterreros.com\/es\/wp-json\/wp\/v2\/pages\/3671\/revisions\/4098"}],"wp:attachment":[{"href":"https:\/\/gudayterreros.com\/es\/wp-json\/wp\/v2\/media?parent=3671"}],"curies":[{"name":"wp","href":"https:\/\/api.w.org\/{rel}","templated":true}]}}